{"id":15,"date":"2025-08-17T00:00:22","date_gmt":"2025-08-16T22:00:22","guid":{"rendered":"https:\/\/www.fcer.ch\/?page_id=15"},"modified":"2026-08-21T13:19:41","modified_gmt":"2026-08-21T11:19:41","slug":"fc-echallens-region","status":"publish","type":"page","link":"https:\/\/www.fcer.ch\/","title":{"rendered":"Accueil"},"content":{"rendered":"<p><div class=\"fusion-fullwidth fullwidth-box fusion-builder-row-1 fusion-flex-container has-pattern-background has-mask-background nonhundred-percent-fullwidth non-hundred-percent-height-scrolling\" style=\"--awb-border-radius-top-left:0px;--awb-border-radius-top-right:0px;--awb-border-radius-bottom-right:0px;--awb-border-radius-bottom-left:0px;--awb-padding-bottom:0px;--awb-flex-wrap:wrap;\" ><div class=\"fusion-builder-row fusion-row fusion-flex-align-items-flex-start fusion-flex-content-wrap\" style=\"max-width:1248px;margin-left: calc(-4% \/ 2 );margin-right: calc(-4% \/ 2 );\"><div class=\"fusion-layout-column fusion_builder_column fusion-builder-column-0 fusion_builder_column_1_1 1_1 fusion-flex-column\" style=\"--awb-bg-size:cover;--awb-width-large:100%;--awb-margin-top-large:0px;--awb-spacing-right-large:1.92%;--awb-margin-bottom-large:20px;--awb-spacing-left-large:1.92%;--awb-width-medium:100%;--awb-order-medium:0;--awb-spacing-right-medium:1.92%;--awb-spacing-left-medium:1.92%;--awb-width-small:100%;--awb-order-small:0;--awb-spacing-right-small:1.92%;--awb-spacing-left-small:1.92%;\"><div class=\"fusion-column-wrapper fusion-column-has-shadow fusion-flex-justify-content-flex-start fusion-content-layout-column\"><div class=\"fusion-social-links fusion-social-links-1\" style=\"--awb-margin-top:0px;--awb-margin-right:0px;--awb-margin-bottom:0px;--awb-margin-left:0px;--awb-alignment:right;--awb-box-border-top:0px;--awb-box-border-right:0px;--awb-box-border-bottom:0px;--awb-box-border-left:0px;--awb-icon-colors-hover:rgba(158,160,164,0.8);--awb-box-colors-hover:rgba(242,243,245,0.8);--awb-box-border-color:#ffdd00;--awb-box-border-color-hover:var(--awb-color4);\"><div class=\"fusion-social-networks color-type-custom\"><div class=\"fusion-social-networks-wrapper\"><a class=\"fusion-social-network-icon fusion-tooltip fusion-facebook awb-icon-facebook\" style=\"color:var(--awb-color5);font-size:32px;\" data-placement=\"right\" data-title=\"Facebook\" data-toggle=\"tooltip\" title=\"Facebook\" aria-label=\"facebook\" target=\"_blank\" rel=\"noopener noreferrer\" href=\"https:\/\/facebook.com\/FCEchallensRegion\"><\/a><a class=\"fusion-social-network-icon fusion-tooltip fusion-instagram awb-icon-instagram\" style=\"color:var(--awb-color5);font-size:32px;\" data-placement=\"right\" data-title=\"Instagram\" data-toggle=\"tooltip\" title=\"Instagram\" aria-label=\"instagram\" target=\"_blank\" rel=\"noopener noreferrer\" href=\"https:\/\/www.instagram.com\/fcechallensregion\"><\/a><a class=\"fusion-social-network-icon fusion-tooltip fusion-threads awb-icon-threads\" style=\"color:var(--awb-color5);font-size:32px;\" data-placement=\"right\" data-title=\"Threads\" data-toggle=\"tooltip\" title=\"Threads\" aria-label=\"threads\" target=\"_blank\" rel=\"noopener noreferrer\" href=\"https:\/\/www.threads.com\/fcechallensregion\"><\/a><a class=\"fusion-social-network-icon fusion-tooltip fusion-youtube awb-icon-youtube\" style=\"color:var(--awb-color5);font-size:32px;\" data-placement=\"right\" data-title=\"YouTube\" data-toggle=\"tooltip\" title=\"YouTube\" aria-label=\"youtube\" target=\"_blank\" rel=\"noopener noreferrer\" href=\"https:\/\/www.youtube.com\/@fcechallensregion\"><\/a><\/div><\/div><\/div><div class=\"fusion-separator fusion-full-width-sep\" style=\"align-self: center;margin-left: auto;margin-right: auto;margin-top:20px;margin-bottom:10px;width:100%;\"><div class=\"fusion-separator-border sep-shadow\" style=\"--awb-height:20px;--awb-amount:20px;background:radial-gradient(ellipse at 50% -50% , var(--awb-color5) 0px, rgba(255, 255, 255, 0) 80%) repeat scroll 0 0 rgba(0, 0, 0, 0);background:-webkit-radial-gradient(ellipse at 50% -50% , var(--awb-color5) 0px, rgba(255, 255, 255, 0) 80%) repeat scroll 0 0 rgba(0, 0, 0, 0);background:-moz-radial-gradient(ellipse at 50% -50% , var(--awb-color5) 0px, rgba(255, 255, 255, 0) 80%) repeat scroll 0 0 rgba(0, 0, 0, 0);background:-o-radial-gradient(ellipse at 50% -50% , var(--awb-color5) 0px, rgba(255, 255, 255, 0) 80%) repeat scroll 0 0 rgba(0, 0, 0, 0);\"><\/div><\/div><div class=\"fusion-title title fusion-title-1 sep-underline sep-solid fusion-title-center fusion-title-text fusion-title-size-two fusion-text-has-stroke\" style=\"--awb-margin-top-small:10px;--awb-margin-right-small:0px;--awb-margin-bottom-small:10px;--awb-margin-left-small:0px;\"><h2 class=\"fusion-title-heading title-heading-center\" style=\"margin:0;text-transform:uppercase;text-shadow:0px;\"><div>\nLe football au c\u0153ur du Gros-de-Vaud<\/div>\n<div>Une r\u00e9gion &#8211; un club &#8211; une passion\n<\/div><\/h2><\/div><div class=\"fusion-text fusion-text-1\"><h2>Le FC Echallens R\u00e9gion, c&#8217;est&#8230;<\/h2>\n<\/div><div class=\"fusion-counters-box counters-box row fusion-clearfix fusion-columns-4\" style=\"--awb-body-color:#141617;--awb-body-size:15;--awb-border-color:rgba(244,216,78,0);--awb-color:#518926;--awb-title-size:61;--awb-border-color:rgba(244,216,78,0);\"><div class=\"fusion-counter-box fusion-column col-counter-box counter-box-wrapper col-lg-3 col-md-3 col-sm-3\" data-animationOffset=\"top-into-view\"><div class=\"counter-box-container\"><div class=\"content-box-percentage content-box-counter\"><span class=\"display-counter\" data-value=\"535\" data-direction=\"up\" data-decimals=\"0\">0<\/span><\/div><div class=\"counter-box-content\">Joueurs<\/div><\/div><\/div><div class=\"fusion-counter-box fusion-column col-counter-box counter-box-wrapper col-lg-3 col-md-3 col-sm-3\" data-animationOffset=\"top-into-view\"><div class=\"counter-box-container\"><div class=\"content-box-percentage content-box-counter\"><span class=\"display-counter\" data-value=\"130\" data-direction=\"up\" data-decimals=\"0\">0<\/span><\/div><div class=\"counter-box-content\">Joueuses<\/div><\/div><\/div><div class=\"fusion-counter-box fusion-column col-counter-box counter-box-wrapper col-lg-3 col-md-3 col-sm-3\" data-animationOffset=\"top-into-view\"><div class=\"counter-box-container\"><div class=\"content-box-percentage content-box-counter\"><span class=\"display-counter\" data-value=\"34\" data-delimiter=\",\" data-direction=\"up\" data-decimals=\"0\">0<\/span><\/div><div class=\"counter-box-content\">Equipes<\/div><\/div><\/div><div class=\"fusion-counter-box fusion-column col-counter-box counter-box-wrapper col-lg-3 col-md-3 col-sm-3\" data-animationOffset=\"top-into-view\"><div class=\"counter-box-container\"><div class=\"content-box-percentage content-box-counter\"><span class=\"display-counter\" data-value=\"60\" data-direction=\"up\" data-decimals=\"0\">0<\/span><\/div><div class=\"counter-box-content\">Entra\u00eeneures et entra\u00eeneurs<\/div><\/div><\/div><\/div><div class=\"fusion-separator fusion-full-width-sep\" style=\"align-self: center;margin-left: auto;margin-right: auto;margin-bottom:10px;width:100%;\"><div class=\"fusion-separator-border sep-single sep-solid\" style=\"--awb-height:20px;--awb-amount:20px;border-color:var(--awb-color5);border-top-width:1px;\"><\/div><\/div><\/div><\/div><\/div><\/div><div class=\"fusion-fullwidth fullwidth-box fusion-builder-row-2 fusion-flex-container has-pattern-background has-mask-background nonhundred-percent-fullwidth non-hundred-percent-height-scrolling\" style=\"--awb-border-radius-top-left:0px;--awb-border-radius-top-right:0px;--awb-border-radius-bottom-right:0px;--awb-border-radius-bottom-left:0px;--awb-padding-bottom:0px;--awb-margin-bottom:0px;--awb-flex-wrap:wrap;\" ><div class=\"fusion-builder-row fusion-row fusion-flex-align-items-flex-start fusion-flex-content-wrap\" style=\"max-width:1248px;margin-left: calc(-4% \/ 2 );margin-right: calc(-4% \/ 2 );\"><div class=\"fusion-layout-column fusion_builder_column fusion-builder-column-1 fusion_builder_column_1_1 1_1 fusion-flex-column\" style=\"--awb-bg-size:cover;--awb-width-large:100%;--awb-margin-top-large:0px;--awb-spacing-right-large:1.92%;--awb-margin-bottom-large:20px;--awb-spacing-left-large:1.92%;--awb-width-medium:100%;--awb-order-medium:0;--awb-spacing-right-medium:1.92%;--awb-spacing-left-medium:1.92%;--awb-width-small:100%;--awb-order-small:0;--awb-spacing-right-small:1.92%;--awb-spacing-left-small:1.92%;\"><div class=\"fusion-column-wrapper fusion-column-has-shadow fusion-flex-justify-content-flex-start fusion-content-layout-column\"><div class=\"fusion-separator fusion-full-width-sep\" style=\"align-self: center;margin-left: auto;margin-right: auto;width:100%;\"><\/div><div class=\"fusion-blog-shortcode fusion-blog-shortcode-2 fusion-blog-archive fusion-blog-layout-large fusion-blog-pagination\"><div class=\"fusion-posts-container fusion-posts-container-pagination fusion-no-meta-info\" data-pages=\"1\"><article id=\"blog-2-post-8928\" class=\"fusion-post-large post-8928 post type-post status-publish format-standard hentry category-actualites category-top-news\">\n\t<style type=\"text\/css\">\n\t\t\n\t\t\n\t\t\n\t\t\n\t\t\t<\/style>\n\n\n<div class=\"fusion-post-content post-content\"><h2 class=\"blog-shortcode-post-title entry-title\"><a href=\"https:\/\/www.fcer.ch\/index.php\/nos-prochaines-manifestations\/\">Nos prochaines manifestations<\/a><\/h2><div class=\"fusion-post-content-container\"><div class=\"fusion-fullwidth fullwidth-box fusion-builder-row-2-1 fusion-flex-container has-pattern-background has-mask-background hundred-percent-fullwidth non-hundred-percent-height-scrolling\" style=\"--awb-border-radius-top-left:0px;--awb-border-radius-top-right:0px;--awb-border-radius-bottom-right:0px;--awb-border-radius-bottom-left:0px;--awb-flex-wrap:wrap;\" ><div class=\"fusion-builder-row fusion-row fusion-flex-align-items-flex-start fusion-flex-align-content-space-evenly fusion-flex-justify-content-center fusion-flex-content-wrap\" style=\"width:104% !important;max-width:104% !important;margin-left: calc(-4% \/ 2 );margin-right: calc(-4% \/ 2 );\"><div class=\"fusion-layout-column fusion_builder_column fusion-builder-column-2 fusion_builder_column_1_1 1_1 fusion-flex-column\" style=\"--awb-bg-size:cover;--awb-width-large:100%;--awb-flex-grow:0;--awb-flex-shrink:0;--awb-margin-top-large:0px;--awb-spacing-right-large:1.92%;--awb-margin-bottom-large:20px;--awb-spacing-left-large:1.92%;--awb-width-medium:100%;--awb-order-medium:0;--awb-flex-grow-medium:;--awb-flex-shrink-medium:;--awb-spacing-right-medium:1.92%;--awb-spacing-left-medium:1.92%;--awb-width-small:100%;--awb-order-small:0;--awb-flex-grow-small:;--awb-flex-shrink-small:;--awb-spacing-right-small:1.92%;--awb-spacing-left-small:1.92%;\"><div class=\"fusion-column-wrapper fusion-column-has-shadow fusion-flex-justify-content-flex-start fusion-content-layout-column\"><div class=\"fusion-content-boxes content-boxes columns row fusion-columns-3 fusion-columns-total-6 fusion-content-boxes-1 content-boxes-timeline-horizontal content-left content-boxes-icon-on-top content-boxes-timeline-layout fusion-delayed-animation\" style=\"--awb-backgroundcolor:var(--awb-color3);--awb-title-color:var(--awb-color5);--awb-hover-accent-color:#65bc7b;--awb-circle-hover-accent-color:#65bc7b;\" data-animation-delay=\"350\" data-animationOffset=\"top-into-view\"><div style=\"--awb-backgroundcolor:var(--awb-color3);\" class=\"fusion-column content-box-column content-box-column content-box-column-1 col-lg-4 col-md-4 col-sm-4 fusion-content-box-hover content-box-column-first-in-row\"><div class=\"col content-box-wrapper content-wrapper-background link-area-link-icon content-icon-wrapper-yes icon-hover-animation-fade fusion-animated\" data-animationType=\"fadeIn\" data-animationDuration=\"0.25\" data-animationOffset=\"top-into-view\"><div class=\"heading icon-left\"><h2 class=\"content-box-heading\" style=\"--h2_typography-font-size:38px;line-height:43px;\">Du 3 au 8 novembre 2026<\/h2><\/div><div class=\"fusion-clearfix\"><\/div><div class=\"content-container\">\n<p>Comptoir d&#8217;Echallens<\/p>\n<p>Le FCER sera pr\u00e9sent avec son stand convivial &#8220;Hu\u00eetres et boissons&#8221;<\/p>\n<\/div><\/div><\/div><div style=\"--awb-backgroundcolor:var(--awb-color3);\" class=\"fusion-column content-box-column content-box-column content-box-column-2 col-lg-4 col-md-4 col-sm-4 fusion-content-box-hover \"><div class=\"col content-box-wrapper content-wrapper-background link-area-link-icon content-icon-wrapper-yes icon-hover-animation-fade fusion-animated\" data-animationType=\"fadeIn\" data-animationDuration=\"0.25\" data-animationOffset=\"top-into-view\"><div class=\"heading icon-left\"><h2 class=\"content-box-heading\" style=\"--h2_typography-font-size:38px;line-height:43px;\">20 novembre 2026<\/h2><\/div><div class=\"fusion-clearfix\"><\/div><div class=\"content-container\">\n<p>Loto du FCER<\/p>\n<\/div><\/div><\/div><div style=\"--awb-backgroundcolor:var(--awb-color3);\" class=\"fusion-column content-box-column content-box-column content-box-column-3 col-lg-4 col-md-4 col-sm-4 fusion-content-box-hover content-box-column-last-in-row\"><div class=\"col content-box-wrapper content-wrapper-background link-area-link-icon content-icon-wrapper-yes icon-hover-animation-fade fusion-animated\" data-animationType=\"fadeIn\" data-animationDuration=\"0.25\" data-animationOffset=\"top-into-view\"><div class=\"heading icon-left\"><h2 class=\"content-box-heading\" style=\"--h2_typography-font-size:38px;line-height:43px;\">28 novembre 2026<\/h2><\/div><div class=\"fusion-clearfix\"><\/div><div class=\"content-container\">\n<p>Repas de soutien des juniors du FCER<\/p>\n<\/div><\/div><\/div><div style=\"--awb-backgroundcolor:var(--awb-color3);\" class=\"fusion-column content-box-column content-box-column content-box-column-4 col-lg-4 col-md-4 col-sm-4 fusion-content-box-hover content-box-column-first-in-row\"><div class=\"col content-box-wrapper content-wrapper-background link-area-link-icon content-icon-wrapper-yes icon-hover-animation-fade fusion-animated\" data-animationType=\"fadeIn\" data-animationDuration=\"0.25\" data-animationOffset=\"top-into-view\"><div class=\"heading icon-left\"><h2 class=\"content-box-heading\" style=\"--h2_typography-font-size:38px;line-height:43px;\">30 et 31 janvier 2027<\/h2><\/div><div class=\"fusion-clearfix\"><\/div><div class=\"content-container\">\n<p>Tournoi Indoor juniors E et FF14<\/p>\n<\/div><\/div><\/div><div style=\"--awb-backgroundcolor:var(--awb-color3);\" class=\"fusion-column content-box-column content-box-column content-box-column-5 col-lg-4 col-md-4 col-sm-4 fusion-content-box-hover \"><div class=\"col content-box-wrapper content-wrapper-background link-area-link-icon content-icon-wrapper-yes icon-hover-animation-fade fusion-animated\" data-animationType=\"fadeIn\" data-animationDuration=\"0.25\" data-animationOffset=\"top-into-view\"><div class=\"heading icon-left\"><h2 class=\"content-box-heading\" style=\"--h2_typography-font-size:38px;line-height:43px;\">17 mars 2027<\/h2><\/div><div class=\"fusion-clearfix\"><\/div><div class=\"content-container\">\n<p>D\u00eener de soutien du FCER<\/p>\n<\/div><\/div><\/div><div style=\"--awb-backgroundcolor:var(--awb-color3);\" class=\"fusion-column content-box-column content-box-column content-box-column-6 col-lg-4 col-md-4 col-sm-4 fusion-content-box-hover content-box-column-last content-box-column-last-in-row\"><div class=\"col content-box-wrapper content-wrapper-background link-area-link-icon content-icon-wrapper-yes icon-hover-animation-fade fusion-animated\" data-animationType=\"fadeIn\" data-animationDuration=\"0.25\" data-animationOffset=\"top-into-view\"><div class=\"heading icon-left\"><h2 class=\"content-box-heading\" style=\"--h2_typography-font-size:38px;line-height:43px;\">Du 19 au 23 mai 2027<\/h2><\/div><div class=\"fusion-clearfix\"><\/div><div class=\"content-container\">\n<p>Festi&#8217;Foot 2027<\/p>\n<p>Toutes nos \u00e9quipes ou presque jouent \u00e0 domicile.<\/p>\n<p>Tonnelle, restauration et bonne ambiance<\/p>\n<\/div><\/div><\/div><div class=\"fusion-clearfix\"><\/div><\/div><\/div><\/div><\/div><\/div>\n<\/div><\/div><div class=\"fusion-clearfix\"><\/div><\/article>\n<\/div><\/div><\/div><\/div><\/div><\/div><div class=\"fusion-fullwidth fullwidth-box fusion-builder-row-3 fusion-flex-container nonhundred-percent-fullwidth non-hundred-percent-height-scrolling\" style=\"--awb-border-radius-top-left:0px;--awb-border-radius-top-right:0px;--awb-border-radius-bottom-right:0px;--awb-border-radius-bottom-left:0px;--awb-flex-wrap:wrap;\" ><div class=\"fusion-builder-row fusion-row fusion-flex-align-items-flex-start fusion-flex-content-wrap\" style=\"max-width:1248px;margin-left: calc(-4% \/ 2 );margin-right: calc(-4% \/ 2 );\"><div class=\"fusion-layout-column fusion_builder_column fusion-builder-column-3 fusion_builder_column_1_1 1_1 fusion-flex-column\" style=\"--awb-bg-size:cover;--awb-width-large:100%;--awb-flex-grow:0;--awb-flex-shrink:0;--awb-margin-top-large:0px;--awb-spacing-right-large:1.92%;--awb-margin-bottom-large:20px;--awb-spacing-left-large:1.92%;--awb-width-medium:100%;--awb-order-medium:0;--awb-flex-grow-medium:;--awb-flex-shrink-medium:;--awb-spacing-right-medium:1.92%;--awb-spacing-left-medium:1.92%;--awb-width-small:100%;--awb-order-small:0;--awb-flex-grow-small:;--awb-flex-shrink-small:;--awb-spacing-right-small:1.92%;--awb-spacing-left-small:1.92%;\"><div class=\"fusion-column-wrapper fusion-column-has-shadow fusion-flex-justify-content-flex-start fusion-content-layout-column\"><div class=\"fusion-separator fusion-has-icon fusion-full-width-sep\" style=\"align-self: flex-start;margin-right:auto;width:100%;\"><div class=\"fusion-separator-border sep-single sep-solid\" style=\"--awb-height:20px;--awb-amount:20px;--awb-sep-color:#098147;border-color:#098147;border-top-width:5px;\"><\/div><span class=\"icon-wrapper\" style=\"border-color:#098147;background-color:rgba(255,255,255,0);font-size:32px;width: 1.75em; height: 1.75em;border-width:5px;padding:5px;margin-top:-2.5px\"><i class=\"fa-calendar-alt fas\" style=\"font-size: inherit;color:#1b1e1b;\" aria-hidden=\"true\"><\/i><\/span><div class=\"fusion-separator-border sep-single sep-solid\" style=\"--awb-height:20px;--awb-amount:20px;--awb-sep-color:#098147;border-color:#098147;border-top-width:5px;\"><\/div><\/div><div class=\"fusion-title title fusion-title-2 fusion-sep-none fusion-title-text fusion-title-size-two\" style=\"--awb-margin-top-small:10px;--awb-margin-right-small:0px;--awb-margin-bottom-small:10px;--awb-margin-left-small:0px;\"><h2 class=\"fusion-title-heading title-heading-left\" style=\"margin:0;\">Prochains matchs des \u00e9quipes actives et s\u00e9niors<\/h2><\/div><\/div><\/div><div class=\"fusion-layout-column fusion_builder_column fusion-builder-column-4 fusion_builder_column_1_3 1_3 fusion-flex-column\" style=\"--awb-bg-size:cover;--awb-width-large:33.333333333333%;--awb-flex-grow:0;--awb-flex-shrink:0;--awb-margin-top-large:0px;--awb-spacing-right-large:5.76%;--awb-margin-bottom-large:20px;--awb-spacing-left-large:5.76%;--awb-width-medium:33.333333333333%;--awb-order-medium:0;--awb-flex-grow-medium:;--awb-flex-shrink-medium:;--awb-spacing-right-medium:5.76%;--awb-spacing-left-medium:5.76%;--awb-width-small:100%;--awb-order-small:0;--awb-flex-grow-small:;--awb-flex-shrink-small:;--awb-spacing-right-small:1.92%;--awb-spacing-left-small:1.92%;\"><div class=\"fusion-column-wrapper fusion-column-has-shadow fusion-flex-justify-content-flex-start fusion-content-layout-column\"><div class=\"fusion-title title fusion-title-3 sep-underline sep-solid fusion-title-text fusion-title-size-three\" style=\"--awb-margin-top-small:10px;--awb-margin-right-small:0px;--awb-margin-bottom-small:10px;--awb-margin-left-small:0px;\"><h3 class=\"fusion-title-heading title-heading-left\" style=\"margin:0;\">1<sup>\u00e8re<\/sup> ligue M<\/h3><\/div>\n            <div class=\"fcer-match-card\">\n\n                <div class=\"fcer-homepage-match-teams\">\n    FC Echallens R\u00e9gion (1e) - FC La Chaux-de-Fonds (1e)<\/div>\n    <div class=\"fcer-homepage-match-type\">\n        championnat 1\u00e8re Ligue - Classic - Groupe  1    <\/div>\n\n                <div class=\"fcer-homepage-match-date\">\n    \ud83d\udcc5 12.09.2026<\/div>\n\n<div class=\"fcer-homepage-match-time\">\n    \ud83d\udd5a 17h00<\/div>\n\n                <div class=\"fcer-homepage-match-location\">\n                    \ud83d\udccd Centre sportif des 3 sapins, Echallens - Terrain principal                <\/div>\n\n            <\/div>\n\n            <\/div><\/div><div class=\"fusion-layout-column fusion_builder_column fusion-builder-column-5 fusion_builder_column_1_3 1_3 fusion-flex-column\" style=\"--awb-bg-size:cover;--awb-width-large:33.333333333333%;--awb-flex-grow:0;--awb-flex-shrink:0;--awb-margin-top-large:0px;--awb-spacing-right-large:5.76%;--awb-margin-bottom-large:20px;--awb-spacing-left-large:5.76%;--awb-width-medium:33.333333333333%;--awb-order-medium:0;--awb-flex-grow-medium:;--awb-flex-shrink-medium:;--awb-spacing-right-medium:5.76%;--awb-spacing-left-medium:5.76%;--awb-width-small:100%;--awb-order-small:0;--awb-flex-grow-small:;--awb-flex-shrink-small:;--awb-spacing-right-small:1.92%;--awb-spacing-left-small:1.92%;\"><div class=\"fusion-column-wrapper fusion-column-has-shadow fusion-flex-justify-content-flex-start fusion-content-layout-column\"><div class=\"fusion-title title fusion-title-4 sep-underline sep-solid fusion-title-text fusion-title-size-three\" style=\"--awb-margin-top-small:10px;--awb-margin-right-small:0px;--awb-margin-bottom-small:10px;--awb-margin-left-small:0px;\"><h3 class=\"fusion-title-heading title-heading-left\" style=\"margin:0;\">2<sup>\u00e8me<\/sup> ligue M<\/h3><\/div>\n            <div class=\"fcer-match-card\">\n\n                <div class=\"fcer-homepage-match-teams\">\n    FC La Sarraz-Ecl\u00e9pens I (2e) - FC Echallens R\u00e9gion II (2e)<\/div>\n    <div class=\"fcer-homepage-match-type\">\n        coupe coupe des actifs - 1\/32 de finale    <\/div>\n\n                <div class=\"fcer-homepage-match-date\">\n    \ud83d\udcc5 09.09.2026<\/div>\n\n<div class=\"fcer-homepage-match-time\">\n    \ud83d\udd5a 20h00<\/div>\n\n                <div class=\"fcer-homepage-match-location\">\n                    \ud83d\udccd Terrain de La Sarraz - En Gravey, La Sarraz - Terrain principal Nr 1                <\/div>\n\n            <\/div>\n\n            <\/div><\/div><div class=\"fusion-layout-column fusion_builder_column fusion-builder-column-6 fusion_builder_column_1_3 1_3 fusion-flex-column\" style=\"--awb-bg-size:cover;--awb-width-large:33.333333333333%;--awb-flex-grow:0;--awb-flex-shrink:0;--awb-margin-top-large:0px;--awb-spacing-right-large:5.76%;--awb-margin-bottom-large:20px;--awb-spacing-left-large:5.76%;--awb-width-medium:33.333333333333%;--awb-order-medium:0;--awb-flex-grow-medium:;--awb-flex-shrink-medium:;--awb-spacing-right-medium:5.76%;--awb-spacing-left-medium:5.76%;--awb-width-small:100%;--awb-order-small:0;--awb-flex-grow-small:;--awb-flex-shrink-small:;--awb-spacing-right-small:1.92%;--awb-spacing-left-small:1.92%;\"><div class=\"fusion-column-wrapper fusion-column-has-shadow fusion-flex-justify-content-flex-start fusion-content-layout-column\"><div class=\"fusion-title title fusion-title-5 sep-underline sep-solid fusion-title-text fusion-title-size-three\" style=\"--awb-margin-top-small:10px;--awb-margin-right-small:0px;--awb-margin-bottom-small:10px;--awb-margin-left-small:0px;\"><h3 class=\"fusion-title-heading title-heading-left\" style=\"margin:0;\">4<sup>\u00e8me<\/sup> ligue F<\/h3><\/div>\n            <div class=\"fcer-match-card\">\n\n                <div class=\"fcer-homepage-match-teams\">\n    FC Echallens R\u00e9gion I (4e L(F)) - FC Etoy (2e L(F))<\/div>\n    <div class=\"fcer-homepage-match-type\">\n        coupe coupe Vaudoise - F\u00e9minines - 1\/8 de finale    <\/div>\n\n                <div class=\"fcer-homepage-match-date\">\n    \ud83d\udcc5 09.09.2026<\/div>\n\n<div class=\"fcer-homepage-match-time\">\n    \ud83d\udd5a 20h30<\/div>\n\n                <div class=\"fcer-homepage-match-location\">\n                    \ud83d\udccd Centre sportif des 3 sapins, Echallens - Terrain annexe B                <\/div>\n\n            <\/div>\n\n            <\/div><\/div><\/div><\/div><div class=\"fusion-fullwidth fullwidth-box fusion-builder-row-4 fusion-flex-container has-pattern-background has-mask-background nonhundred-percent-fullwidth non-hundred-percent-height-scrolling\" style=\"--awb-border-radius-top-left:0px;--awb-border-radius-top-right:0px;--awb-border-radius-bottom-right:0px;--awb-border-radius-bottom-left:0px;--awb-flex-wrap:wrap;\" ><div class=\"fusion-builder-row fusion-row fusion-flex-align-items-flex-start fusion-flex-content-wrap\" style=\"max-width:1248px;margin-left: calc(-4% \/ 2 );margin-right: calc(-4% \/ 2 );\"><div class=\"fusion-layout-column fusion_builder_column fusion-builder-column-7 fusion_builder_column_1_2 1_2 fusion-flex-column\" style=\"--awb-bg-size:cover;--awb-width-large:50%;--awb-flex-grow:0;--awb-flex-shrink:0;--awb-margin-top-large:0px;--awb-spacing-right-large:3.84%;--awb-margin-bottom-large:20px;--awb-spacing-left-large:3.84%;--awb-width-medium:50%;--awb-order-medium:0;--awb-flex-grow-medium:;--awb-flex-shrink-medium:;--awb-spacing-right-medium:3.84%;--awb-spacing-left-medium:3.84%;--awb-width-small:100%;--awb-order-small:0;--awb-flex-grow-small:;--awb-flex-shrink-small:;--awb-spacing-right-small:1.92%;--awb-spacing-left-small:1.92%;\"><div class=\"fusion-column-wrapper fusion-column-has-shadow fusion-flex-justify-content-flex-start fusion-content-layout-column\"><div class=\"fusion-title title fusion-title-6 sep-underline sep-solid fusion-title-text fusion-title-size-three\" style=\"--awb-margin-top-small:10px;--awb-margin-right-small:0px;--awb-margin-bottom-small:10px;--awb-margin-left-small:0px;\"><h3 class=\"fusion-title-heading title-heading-left\" style=\"margin:0;\">4<sup>\u00e8me<\/sup> ligue M<\/h3><\/div>\n            <div class=\"fcer-match-card\">\n\n                <div class=\"fcer-homepage-match-teams\">\n    FC Echallens R\u00e9gion III (4e) - FC Montcherand (4e)<\/div>\n    <div class=\"fcer-homepage-match-type\">\n        championnat 4e ligue - Groupe  3    <\/div>\n\n                <div class=\"fcer-homepage-match-date\">\n    \ud83d\udcc5 06.09.2026<\/div>\n\n<div class=\"fcer-homepage-match-time\">\n    \ud83d\udd5a 11h00<\/div>\n\n                <div class=\"fcer-homepage-match-location\">\n                    \ud83d\udccd Centre sportif des 3 sapins, Echallens -  (Voir Tableau d&#039;Affichage)                <\/div>\n\n            <\/div>\n\n            <\/div><\/div><div class=\"fusion-layout-column fusion_builder_column fusion-builder-column-8 fusion_builder_column_1_2 1_2 fusion-flex-column\" style=\"--awb-bg-size:cover;--awb-width-large:50%;--awb-flex-grow:0;--awb-flex-shrink:0;--awb-margin-top-large:0px;--awb-spacing-right-large:3.84%;--awb-margin-bottom-large:20px;--awb-spacing-left-large:3.84%;--awb-width-medium:50%;--awb-order-medium:0;--awb-flex-grow-medium:;--awb-flex-shrink-medium:;--awb-spacing-right-medium:3.84%;--awb-spacing-left-medium:3.84%;--awb-width-small:100%;--awb-order-small:0;--awb-flex-grow-small:;--awb-flex-shrink-small:;--awb-spacing-right-small:1.92%;--awb-spacing-left-small:1.92%;\"><div class=\"fusion-column-wrapper fusion-column-has-shadow fusion-flex-justify-content-flex-start fusion-content-layout-column\"><div class=\"fusion-title title fusion-title-7 sep-underline sep-solid fusion-title-text fusion-title-size-three\" style=\"--awb-margin-top-small:10px;--awb-margin-right-small:0px;--awb-margin-bottom-small:10px;--awb-margin-left-small:0px;\"><h3 class=\"fusion-title-heading title-heading-left\" style=\"margin:0;\">4<sup>\u00e8me<\/sup> ligue FF21<\/h3><\/div>\n            <div class=\"fcer-match-card\">\n\n                <div class=\"fcer-homepage-match-teams\">\n    FC Echallens R\u00e9gion II (4e L(F)) - FC Renens III (4e L(F))<\/div>\n    <div class=\"fcer-homepage-match-type\">\n        championnat F\u00e9minine 4\u00e8me ligue - tour automne - Groupe  2    <\/div>\n\n                <div class=\"fcer-homepage-match-date\">\n    \ud83d\udcc5 13.09.2026<\/div>\n\n<div class=\"fcer-homepage-match-time\">\n    \ud83d\udd5a 11h00<\/div>\n\n                <div class=\"fcer-homepage-match-location\">\n                    \ud83d\udccd Stade En Champ-Giroud, Etagni\u00e8res - Terrain N\u00b01                <\/div>\n\n            <\/div>\n\n            <\/div><\/div><\/div><\/div><div class=\"fusion-fullwidth fullwidth-box fusion-builder-row-5 fusion-flex-container has-pattern-background has-mask-background nonhundred-percent-fullwidth non-hundred-percent-height-scrolling\" style=\"--awb-border-radius-top-left:0px;--awb-border-radius-top-right:0px;--awb-border-radius-bottom-right:0px;--awb-border-radius-bottom-left:0px;--awb-flex-wrap:wrap;\" ><div class=\"fusion-builder-row fusion-row fusion-flex-align-items-flex-start fusion-flex-content-wrap\" style=\"max-width:1248px;margin-left: calc(-4% \/ 2 );margin-right: calc(-4% \/ 2 );\"><div class=\"fusion-layout-column fusion_builder_column fusion-builder-column-9 fusion_builder_column_1_2 1_2 fusion-flex-column\" style=\"--awb-bg-size:cover;--awb-width-large:50%;--awb-flex-grow:0;--awb-flex-shrink:0;--awb-margin-top-large:0px;--awb-spacing-right-large:3.84%;--awb-margin-bottom-large:20px;--awb-spacing-left-large:3.84%;--awb-width-medium:50%;--awb-order-medium:0;--awb-flex-grow-medium:;--awb-flex-shrink-medium:;--awb-spacing-right-medium:3.84%;--awb-spacing-left-medium:3.84%;--awb-width-small:100%;--awb-order-small:0;--awb-flex-grow-small:;--awb-flex-shrink-small:;--awb-spacing-right-small:1.92%;--awb-spacing-left-small:1.92%;\"><div class=\"fusion-column-wrapper fusion-column-has-shadow fusion-flex-justify-content-flex-start fusion-content-layout-column\"><div class=\"fusion-title title fusion-title-8 sep-underline sep-solid fusion-title-text fusion-title-size-three\" style=\"--awb-margin-top-small:10px;--awb-margin-right-small:0px;--awb-margin-bottom-small:10px;--awb-margin-left-small:0px;\"><h3 class=\"fusion-title-heading title-heading-left\" style=\"margin:0;\">S\u00e9niors 30+<\/h3><\/div>\n            <div class=\"fcer-match-card\">\n\n                <div class=\"fcer-homepage-match-teams\">\n    FC Gingins II (Sen.30+) - FC Echallens R\u00e9gion (Sen.30+)<\/div>\n    <div class=\"fcer-homepage-match-type\">\n        coupe coupe Vaudoise - seniors 30+ - 1\/32 de finale    <\/div>\n\n                <div class=\"fcer-homepage-match-date\">\n    \ud83d\udcc5 07.09.2026<\/div>\n\n<div class=\"fcer-homepage-match-time\">\n    \ud83d\udd5a 20h30<\/div>\n\n                <div class=\"fcer-homepage-match-location\">\n                    \ud83d\udccd Stade Charles Gorgerat, Gingins - Terrain N\u00b0 2- Synth\u00e9tique                <\/div>\n\n            <\/div>\n\n            <\/div><\/div><div class=\"fusion-layout-column fusion_builder_column fusion-builder-column-10 fusion_builder_column_1_2 1_2 fusion-flex-column\" style=\"--awb-bg-size:cover;--awb-width-large:50%;--awb-flex-grow:0;--awb-flex-shrink:0;--awb-margin-top-large:0px;--awb-spacing-right-large:3.84%;--awb-margin-bottom-large:20px;--awb-spacing-left-large:3.84%;--awb-width-medium:50%;--awb-order-medium:0;--awb-flex-grow-medium:;--awb-flex-shrink-medium:;--awb-spacing-right-medium:3.84%;--awb-spacing-left-medium:3.84%;--awb-width-small:100%;--awb-order-small:0;--awb-flex-grow-small:;--awb-flex-shrink-small:;--awb-spacing-right-small:1.92%;--awb-spacing-left-small:1.92%;\"><div class=\"fusion-column-wrapper fusion-column-has-shadow fusion-flex-justify-content-flex-start fusion-content-layout-column\"><div class=\"fusion-title title fusion-title-9 sep-underline sep-solid fusion-title-text fusion-title-size-three\" style=\"--awb-margin-top-small:10px;--awb-margin-right-small:0px;--awb-margin-bottom-small:10px;--awb-margin-left-small:0px;\"><h3 class=\"fusion-title-heading title-heading-left\" style=\"margin:0;\">S\u00e9niors 50+<\/h3><\/div>\n            <div class=\"fcer-match-card\">\n\n                <div class=\"fcer-homepage-match-teams\">\n    FC Echallens R\u00e9gion (Sen.50+) - FC Venoge (Sen.50+)<\/div>\n    <div class=\"fcer-homepage-match-type\">\n        championnat Seniors 50+ - Groupe  4    <\/div>\n\n                <div class=\"fcer-homepage-match-date\">\n    \ud83d\udcc5 10.09.2026<\/div>\n\n<div class=\"fcer-homepage-match-time\">\n    \ud83d\udd5a 20h00<\/div>\n\n                <div class=\"fcer-homepage-match-location\">\n                    \ud83d\udccd Stade En Champ-Giroud, Etagni\u00e8res - Terrain N\u00b01                <\/div>\n\n            <\/div>\n\n            <\/div><\/div><\/div><\/div><div class=\"fusion-fullwidth fullwidth-box fusion-builder-row-6 fusion-flex-container nonhundred-percent-fullwidth non-hundred-percent-height-scrolling\" style=\"--awb-border-radius-top-left:0px;--awb-border-radius-top-right:0px;--awb-border-radius-bottom-right:0px;--awb-border-radius-bottom-left:0px;--awb-flex-wrap:wrap;\" ><div class=\"fusion-builder-row fusion-row fusion-flex-align-items-flex-start fusion-flex-content-wrap\" style=\"max-width:1248px;margin-left: calc(-4% \/ 2 );margin-right: calc(-4% \/ 2 );\"><div class=\"fusion-layout-column fusion_builder_column fusion-builder-column-11 fusion_builder_column_1_1 1_1 fusion-flex-column\" style=\"--awb-bg-size:cover;--awb-width-large:100%;--awb-flex-grow:0;--awb-flex-shrink:0;--awb-margin-top-large:0px;--awb-spacing-right-large:1.92%;--awb-margin-bottom-large:20px;--awb-spacing-left-large:1.92%;--awb-width-medium:100%;--awb-order-medium:0;--awb-flex-grow-medium:;--awb-flex-shrink-medium:;--awb-spacing-right-medium:1.92%;--awb-spacing-left-medium:1.92%;--awb-width-small:100%;--awb-order-small:0;--awb-flex-grow-small:;--awb-flex-shrink-small:;--awb-spacing-right-small:1.92%;--awb-spacing-left-small:1.92%;\"><div class=\"fusion-column-wrapper fusion-column-has-shadow fusion-flex-justify-content-flex-start fusion-content-layout-column\"><div class=\"fusion-separator fusion-has-icon fusion-full-width-sep\" style=\"align-self: flex-start;margin-right:auto;width:100%;\"><div class=\"fusion-separator-border sep-single sep-solid\" style=\"--awb-height:20px;--awb-amount:20px;--awb-sep-color:#098147;border-color:#098147;border-top-width:5px;\"><\/div><span class=\"icon-wrapper\" style=\"border-color:#098147;background-color:rgba(255,255,255,0);font-size:32px;width: 1.75em; height: 1.75em;border-width:5px;padding:5px;margin-top:-2.5px\"><i class=\"fa-calendar-alt fas\" style=\"font-size: inherit;color:#1b1e1b;\" aria-hidden=\"true\"><\/i><\/span><div class=\"fusion-separator-border sep-single sep-solid\" style=\"--awb-height:20px;--awb-amount:20px;--awb-sep-color:#098147;border-color:#098147;border-top-width:5px;\"><\/div><\/div><\/div><\/div><div class=\"fusion-layout-column fusion_builder_column fusion-builder-column-12 fusion_builder_column_1_1 1_1 fusion-flex-column\" style=\"--awb-bg-size:cover;--awb-width-large:100%;--awb-flex-grow:0;--awb-flex-shrink:0;--awb-margin-top-large:0px;--awb-spacing-right-large:1.92%;--awb-margin-bottom-large:20px;--awb-spacing-left-large:1.92%;--awb-width-medium:100%;--awb-order-medium:0;--awb-flex-grow-medium:;--awb-flex-shrink-medium:;--awb-spacing-right-medium:1.92%;--awb-spacing-left-medium:1.92%;--awb-width-small:100%;--awb-order-small:0;--awb-flex-grow-small:;--awb-flex-shrink-small:;--awb-spacing-right-small:1.92%;--awb-spacing-left-small:1.92%;\"><div class=\"fusion-column-wrapper fusion-column-has-shadow fusion-flex-justify-content-flex-start fusion-content-layout-column\"><div class=\"fusion-title title fusion-title-10 fusion-sep-none fusion-title-text fusion-title-size-two\" style=\"--awb-margin-top-small:10px;--awb-margin-right-small:0px;--awb-margin-bottom-small:10px;--awb-margin-left-small:0px;\"><h2 class=\"fusion-title-heading title-heading-left\" style=\"margin:0;\">Les prochains matchs des \u00e9quipes junior.e.s<\/h2><\/div>\n    <div class=\"fcer-homepage-matches\">\n\n        \n            <div class=\"fcer-homepage-match-card\">\n\n                <div class=\"fcer-homepage-match-teams\">\n                    FC Echallens R\u00e9gion I (FF-17 1\/S) - US Terre Sainte I (FF-17)                <\/div>\n\n                <div class=\"fcer-homepage-match-date\">\n                    06.09.2026                <\/div>\n\n                <div class=\"fcer-homepage-match-time\">\n                    11h00                <\/div>\n\n                <div class=\"fcer-homepage-match-location\">\n                    \ud83d\udccd Stade En Champ-Giroud, Etagni\u00e8res - Terrain N\u00b01                <\/div>\n\n            <\/div>\n\n        \n            <div class=\"fcer-homepage-match-card\">\n\n                <div class=\"fcer-homepage-match-teams\">\n                    FC Echallens R\u00e9gion I (YL B) - FC Champel 1 (YL B)                <\/div>\n\n                <div class=\"fcer-homepage-match-date\">\n                    06.09.2026                <\/div>\n\n                <div class=\"fcer-homepage-match-time\">\n                    15h00                <\/div>\n\n                <div class=\"fcer-homepage-match-location\">\n                    \ud83d\udccd Centre sportif des 3 sapins, Echallens - Terrain principal                <\/div>\n\n            <\/div>\n\n        \n            <div class=\"fcer-homepage-match-card\">\n\n                <div class=\"fcer-homepage-match-teams\">\n                    FC Boudry (YL A) - FC Echallens R\u00e9gion I (YL A)                <\/div>\n\n                <div class=\"fcer-homepage-match-date\">\n                    06.09.2026                <\/div>\n\n                <div class=\"fcer-homepage-match-time\">\n                    15h30                <\/div>\n\n                <div class=\"fcer-homepage-match-location\">\n                    \ud83d\udccd Nouveau stade de Boudry, Plaine de Perreux - Stade des Buchilles                <\/div>\n\n            <\/div>\n\n        \n            <div class=\"fcer-homepage-match-card\">\n\n                <div class=\"fcer-homepage-match-teams\">\n                    FC Echallens R\u00e9gion I (FF-17 1\/S) - FC Concordia LS I (FF-17 1\/S)                <\/div>\n\n                <div class=\"fcer-homepage-match-date\">\n                    09.09.2026                <\/div>\n\n                <div class=\"fcer-homepage-match-time\">\n                    19h30                <\/div>\n\n                <div class=\"fcer-homepage-match-location\">\n                    \ud83d\udccd Stade En Champ-Giroud, Etagni\u00e8res - Terrain N\u00b01                <\/div>\n\n            <\/div>\n\n        \n            <div class=\"fcer-homepage-match-card\">\n\n                <div class=\"fcer-homepage-match-teams\">\n                    Mvt Menthue Bercher (Jun.E) - FC Echallens R\u00e9gion II (Jun.E)                <\/div>\n\n                <div class=\"fcer-homepage-match-date\">\n                    12.09.2026                <\/div>\n\n                <div class=\"fcer-homepage-match-time\">\n                    08h00                <\/div>\n\n                <div class=\"fcer-homepage-match-location\">\n                    \ud83d\udccd Terrain Communal, Bercher - Terrain La Praz                <\/div>\n\n            <\/div>\n\n        \n            <div class=\"fcer-homepage-match-card\">\n\n                <div class=\"fcer-homepage-match-teams\">\n                    FC Echallens R\u00e9gion III (Jun.E) - FC Stade-Payerne III (Jun.E)                <\/div>\n\n                <div class=\"fcer-homepage-match-date\">\n                    12.09.2026                <\/div>\n\n                <div class=\"fcer-homepage-match-time\">\n                    09h00                <\/div>\n\n                <div class=\"fcer-homepage-match-location\">\n                    \ud83d\udccd Terrain de St-Barth\u00e9l\u00e9my, St-Barth\u00e9l\u00e9my - Terrain Les Cond\u00e9mines                <\/div>\n\n            <\/div>\n\n        \n            <div class=\"fcer-homepage-match-card\">\n\n                <div class=\"fcer-homepage-match-teams\">\n                    FC Gland III (Jun.D-9) - FC Echallens R\u00e9gion II (Jun.D-9)                <\/div>\n\n                <div class=\"fcer-homepage-match-date\">\n                    12.09.2026                <\/div>\n\n                <div class=\"fcer-homepage-match-time\">\n                    09h00                <\/div>\n\n                <div class=\"fcer-homepage-match-location\">\n                    \ud83d\udccd Centre sportif &quot;En Bord&quot;, Gland - 1.  (Voir Tableau d&#039;Affichage)                <\/div>\n\n            <\/div>\n\n        \n            <div class=\"fcer-homepage-match-card\">\n\n                <div class=\"fcer-homepage-match-teams\">\n                    FC Echallens R\u00e9gion I (FF-14 (9v9)) - FC Concordia LS I (FF-14 (9v9))                <\/div>\n\n                <div class=\"fcer-homepage-match-date\">\n                    12.09.2026                <\/div>\n\n                <div class=\"fcer-homepage-match-time\">\n                    09h30                <\/div>\n\n                <div class=\"fcer-homepage-match-location\">\n                    \ud83d\udccd Stade En Champ-Giroud, Etagni\u00e8res - Terrain N\u00b01                <\/div>\n\n            <\/div>\n\n        \n            <div class=\"fcer-homepage-match-card\">\n\n                <div class=\"fcer-homepage-match-teams\">\n                    FC Ecublens II (Jun.D-9) - FC Echallens R\u00e9gion IV (Jun.D-9)                <\/div>\n\n                <div class=\"fcer-homepage-match-date\">\n                    12.09.2026                <\/div>\n\n                <div class=\"fcer-homepage-match-time\">\n                    10h00                <\/div>\n\n                <div class=\"fcer-homepage-match-location\">\n                    \ud83d\udccd Stade sportif du Croset, Ecublens - Terrain Croset B                <\/div>\n\n            <\/div>\n\n        \n            <div class=\"fcer-homepage-match-card\">\n\n                <div class=\"fcer-homepage-match-teams\">\n                    FC Champagne Sports I (Jun. D-9 ER) - FC Echallens R\u00e9gion I (Jun. D-9 ER)                <\/div>\n\n                <div class=\"fcer-homepage-match-date\">\n                    12.09.2026                <\/div>\n\n                <div class=\"fcer-homepage-match-time\">\n                    10h00                <\/div>\n\n                <div class=\"fcer-homepage-match-location\">\n                    \ud83d\udccd Terrain de Sport de Derri\u00e8re-Ville, Champagne - Terrain N\u00b02                <\/div>\n\n            <\/div>\n\n        \n            <div class=\"fcer-homepage-match-card\">\n\n                <div class=\"fcer-homepage-match-teams\">\n                    FC Azzurri 90 LS I (Jun.E) - FC Echallens R\u00e9gion IV (Jun.E)                <\/div>\n\n                <div class=\"fcer-homepage-match-date\">\n                    12.09.2026                <\/div>\n\n                <div class=\"fcer-homepage-match-time\">\n                    10h00                <\/div>\n\n                <div class=\"fcer-homepage-match-location\">\n                    \ud83d\udccd Centre sportif de Chavannes, Chavannes VD - Voir Tableau d&#039;Affichage                <\/div>\n\n            <\/div>\n\n        \n            <div class=\"fcer-homepage-match-card\">\n\n                <div class=\"fcer-homepage-match-teams\">\n                    FC Vallorbe-Ballaigues (FF-14 (9v9)) - FC Echallens R\u00e9gion II (FF-14 (9v9))                <\/div>\n\n                <div class=\"fcer-homepage-match-date\">\n                    12.09.2026                <\/div>\n\n                <div class=\"fcer-homepage-match-time\">\n                    10h00                <\/div>\n\n                <div class=\"fcer-homepage-match-location\">\n                    \ud83d\udccd Stade Pr\u00e9s-Sous-Ville + En Fr\u00e9zillon, Vallorbe - Terrain 1, Principal Sous Ville                <\/div>\n\n            <\/div>\n\n        \n            <div class=\"fcer-homepage-match-card\">\n\n                <div class=\"fcer-homepage-match-teams\">\n                    Brack PmF Cat F  - 1er degr\u00e9 - Tournoi Juniors E-F-G \/ Brack play more football                <\/div>\n\n                <div class=\"fcer-homepage-match-date\">\n                    12.09.2026                <\/div>\n\n                <div class=\"fcer-homepage-match-time\">\n                    10h00                <\/div>\n\n                <div class=\"fcer-homepage-match-location\">\n                    \ud83d\udccd Stade communal de Penthalaz, Penthalaz - Principal                <\/div>\n\n            <\/div>\n\n        \n            <div class=\"fcer-homepage-match-card\">\n\n                <div class=\"fcer-homepage-match-teams\">\n                    FC Lutry II (Jun.D-9) - FC Echallens R\u00e9gion V (Jun.D-9)                <\/div>\n\n                <div class=\"fcer-homepage-match-date\">\n                    12.09.2026                <\/div>\n\n                <div class=\"fcer-homepage-match-time\">\n                    10h15                <\/div>\n\n                <div class=\"fcer-homepage-match-location\">\n                    \ud83d\udccd Terrain du Grand-Pont, Lutry - Terrain synth\u00e9tique                <\/div>\n\n            <\/div>\n\n        \n            <div class=\"fcer-homepage-match-card\">\n\n                <div class=\"fcer-homepage-match-teams\">\n                    FC Lutry III (Jun.D-9) - FC Echallens R\u00e9gion VI (Jun.D-9)                <\/div>\n\n                <div class=\"fcer-homepage-match-date\">\n                    12.09.2026                <\/div>\n\n                <div class=\"fcer-homepage-match-time\">\n                    10h15                <\/div>\n\n                <div class=\"fcer-homepage-match-location\">\n                    \ud83d\udccd Terrain du Grand-Pont, Lutry - Terrain synth\u00e9tique                <\/div>\n\n            <\/div>\n\n        \n            <div class=\"fcer-homepage-match-card\">\n\n                <div class=\"fcer-homepage-match-teams\">\n                    FC Echallens R\u00e9gion V (Jun.E) - FC Yvonand II (Jun.E)                <\/div>\n\n                <div class=\"fcer-homepage-match-date\">\n                    12.09.2026                <\/div>\n\n                <div class=\"fcer-homepage-match-time\">\n                    10h30                <\/div>\n\n                <div class=\"fcer-homepage-match-location\">\n                    \ud83d\udccd Centre sportif des 3 sapins, Echallens -  (Voir Tableau d&#039;Affichage)                <\/div>\n\n            <\/div>\n\n        \n            <div class=\"fcer-homepage-match-card\">\n\n                <div class=\"fcer-homepage-match-teams\">\n                    FC Concordia LS V (Jun.D-9) - FC Echallens R\u00e9gion VIII (Jun.D-9)                <\/div>\n\n                <div class=\"fcer-homepage-match-date\">\n                    12.09.2026                <\/div>\n\n                <div class=\"fcer-homepage-match-time\">\n                    10h30                <\/div>\n\n                <div class=\"fcer-homepage-match-location\">\n                    \ud83d\udccd Centre sportif+ Stade de la Tuili\u00e8re, Lausanne - (Voir Tableau Affichage)                <\/div>\n\n            <\/div>\n\n        \n            <div class=\"fcer-homepage-match-card\">\n\n                <div class=\"fcer-homepage-match-teams\">\n                    ES Malley II (Jun.D-9) - FC Echallens R\u00e9gion III (Jun.D-9)                <\/div>\n\n                <div class=\"fcer-homepage-match-date\">\n                    12.09.2026                <\/div>\n\n                <div class=\"fcer-homepage-match-time\">\n                    10h30                <\/div>\n\n                <div class=\"fcer-homepage-match-location\">\n                    \ud83d\udccd Centre sportif+ Stade de la Tuili\u00e8re, Lausanne - (Voir Tableau Affichage)                <\/div>\n\n            <\/div>\n\n        \n            <div class=\"fcer-homepage-match-card\">\n\n                <div class=\"fcer-homepage-match-teams\">\n                    FC Montreux-Sports II (Jun.D-9) - FC Echallens R\u00e9gion VII (Jun.D-9)                <\/div>\n\n                <div class=\"fcer-homepage-match-date\">\n                    12.09.2026                <\/div>\n\n                <div class=\"fcer-homepage-match-time\">\n                    10h45                <\/div>\n\n                <div class=\"fcer-homepage-match-location\">\n                    \ud83d\udccd Stade de la Saussaz, Montreux - Terrains de la Saussaz 3                <\/div>\n\n            <\/div>\n\n        \n            <div class=\"fcer-homepage-match-card\">\n\n                <div class=\"fcer-homepage-match-teams\">\n                    FC Granges Marnand I (Jun.E) - FC Echallens R\u00e9gion I (Jun.E)                <\/div>\n\n                <div class=\"fcer-homepage-match-date\">\n                    12.09.2026                <\/div>\n\n                <div class=\"fcer-homepage-match-time\">\n                    11h00                <\/div>\n\n                <div class=\"fcer-homepage-match-location\">\n                    \ud83d\udccd Place des Sports, Granges-Marnand - Terrain principal                <\/div>\n\n            <\/div>\n\n        \n            <div class=\"fcer-homepage-match-card\">\n\n                <div class=\"fcer-homepage-match-teams\">\n                    FC Azzurri 90 LS II (Jun.C.2\/D) - FC Echallens R\u00e9gion III (Jun.C.2\/D)                <\/div>\n\n                <div class=\"fcer-homepage-match-date\">\n                    12.09.2026                <\/div>\n\n                <div class=\"fcer-homepage-match-time\">\n                    12h45                <\/div>\n\n                <div class=\"fcer-homepage-match-location\">\n                    \ud83d\udccd Centre sportif de Chavannes, Chavannes VD - Voir Tableau d&#039;Affichage                <\/div>\n\n            <\/div>\n\n        \n            <div class=\"fcer-homepage-match-card\">\n\n                <div class=\"fcer-homepage-match-teams\">\n                    FC Echallens R\u00e9gion I (Jun.C 1\/D) - J Academy Riviera (9166) (Jun.C 1\/D)                <\/div>\n\n                <div class=\"fcer-homepage-match-date\">\n                    12.09.2026                <\/div>\n\n                <div class=\"fcer-homepage-match-time\">\n                    14h00                <\/div>\n\n                <div class=\"fcer-homepage-match-location\">\n                    \ud83d\udccd Centre sportif des 3 sapins, Echallens -  (Voir Tableau d&#039;Affichage)                <\/div>\n\n            <\/div>\n\n        \n            <div class=\"fcer-homepage-match-card\">\n\n                <div class=\"fcer-homepage-match-teams\">\n                    AS Haute-Broye (Jun.C.2\/D) - FC Echallens R\u00e9gion II (Jun.C.2\/D)                <\/div>\n\n                <div class=\"fcer-homepage-match-date\">\n                    12.09.2026                <\/div>\n\n                <div class=\"fcer-homepage-match-time\">\n                    14h00                <\/div>\n\n                <div class=\"fcer-homepage-match-location\">\n                    \ud83d\udccd Place des Sports, Oron-la-Ville - AS Haute Broye -Oron                <\/div>\n\n            <\/div>\n\n        \n            <div class=\"fcer-homepage-match-card\">\n\n                <div class=\"fcer-homepage-match-teams\">\n                    FC Echallens R\u00e9gion II (Jun.B 2\/D) - Mvt du Centre-Bottens (Jun.B 2\/D)                <\/div>\n\n                <div class=\"fcer-homepage-match-date\">\n                    12.09.2026                <\/div>\n\n                <div class=\"fcer-homepage-match-time\">\n                    14h30                <\/div>\n\n                <div class=\"fcer-homepage-match-location\">\n                    \ud83d\udccd Terrain de St-Barth\u00e9l\u00e9my, St-Barth\u00e9l\u00e9my - Terrain Les Cond\u00e9mines                <\/div>\n\n            <\/div>\n\n        \n            <div class=\"fcer-homepage-match-card\">\n\n                <div class=\"fcer-homepage-match-teams\">\n                    FC Echallens R\u00e9gion IV (Jun.C.2\/D) - FC Concordia LS IV (Jun.C.2\/D)                <\/div>\n\n                <div class=\"fcer-homepage-match-date\">\n                    12.09.2026                <\/div>\n\n                <div class=\"fcer-homepage-match-time\">\n                    14h30                <\/div>\n\n                <div class=\"fcer-homepage-match-location\">\n                    \ud83d\udccd Terrain FC Assens, Assens - Sous - Gare - Terrain N\u00b01                <\/div>\n\n            <\/div>\n\n        \n            <div class=\"fcer-homepage-match-card\">\n\n                <div class=\"fcer-homepage-match-teams\">\n                    FC Echallens R\u00e9gion I (FF-17 1\/S) - FC Ecublens I (FF-17 1\/S)                <\/div>\n\n                <div class=\"fcer-homepage-match-date\">\n                    12.09.2026                <\/div>\n\n                <div class=\"fcer-homepage-match-time\">\n                    17h00                <\/div>\n\n                <div class=\"fcer-homepage-match-location\">\n                    \ud83d\udccd Stade En Champ-Giroud, Etagni\u00e8res - Terrain N\u00b01                <\/div>\n\n            <\/div>\n\n        \n            <div class=\"fcer-homepage-match-card\">\n\n                <div class=\"fcer-homepage-match-teams\">\n                    FC Lonay-Sport (FF-17 2\/S) - FC Echallens R\u00e9gion II (FF-17 2\/S)                <\/div>\n\n                <div class=\"fcer-homepage-match-date\">\n                    13.09.2026                <\/div>\n\n                <div class=\"fcer-homepage-match-time\">\n                    11h30                <\/div>\n\n                <div class=\"fcer-homepage-match-location\">\n                    \ud83d\udccd En Faclay, Lonay - En Faclay Terrain N\u00b0 2                <\/div>\n\n            <\/div>\n\n        \n            <div class=\"fcer-homepage-match-card\">\n\n                <div class=\"fcer-homepage-match-teams\">\n                    FC Stade-Lausanne-Ouchy I (YL B) - FC Echallens R\u00e9gion I (YL B)                <\/div>\n\n                <div class=\"fcer-homepage-match-date\">\n                    13.09.2026                <\/div>\n\n                <div class=\"fcer-homepage-match-time\">\n                    13h00                <\/div>\n\n                <div class=\"fcer-homepage-match-location\">\n                    \ud83d\udccd Centre sportif de Vidy \/ J.-A. Samaranch, Lausanne - Voir Tableau d&#039;Affichage (Centre Sportif de Vidy\/J.-A.Samaranch)                <\/div>\n\n            <\/div>\n\n        \n            <div class=\"fcer-homepage-match-card\">\n\n                <div class=\"fcer-homepage-match-teams\">\n                    FC Echallens R\u00e9gion I (YL A) - FC La Chaux-de-Fonds (FCC) (YL A)                <\/div>\n\n                <div class=\"fcer-homepage-match-date\">\n                    13.09.2026                <\/div>\n\n                <div class=\"fcer-homepage-match-time\">\n                    14h30                <\/div>\n\n                <div class=\"fcer-homepage-match-location\">\n                    \ud83d\udccd Centre sportif des 3 sapins, Echallens -  (Voir Tableau d&#039;Affichage)                <\/div>\n\n            <\/div>\n\n        \n            <div class=\"fcer-homepage-match-card\">\n\n                <div class=\"fcer-homepage-match-teams\">\n                    FC Jorat-M\u00e9zi\u00e8res I (FF-14 (9v9)) - FC Echallens R\u00e9gion I (FF-14 (9v9))                <\/div>\n\n                <div class=\"fcer-homepage-match-date\">\n                    14.09.2026                <\/div>\n\n                <div class=\"fcer-homepage-match-time\">\n                    18h30                <\/div>\n\n                <div class=\"fcer-homepage-match-location\">\n                    \ud83d\udccd En Pr\u00e9 l&#039;Etang, M\u00e9zi\u00e8res - Terrain principal                <\/div>\n\n            <\/div>\n\n        \n            <div class=\"fcer-homepage-match-card\">\n\n                <div class=\"fcer-homepage-match-teams\">\n                    FC Echallens R\u00e9gion III (Jun.D-9) - Racing Club Lausanne IV (Jun.D-9)                <\/div>\n\n                <div class=\"fcer-homepage-match-date\">\n                    16.09.2026                <\/div>\n\n                <div class=\"fcer-homepage-match-time\">\n                    18h30                <\/div>\n\n                <div class=\"fcer-homepage-match-location\">\n                    \ud83d\udccd Pont du Flon, Villars-le-Terroir - Terrain Principal                <\/div>\n\n            <\/div>\n\n        \n            <div class=\"fcer-homepage-match-card\">\n\n                <div class=\"fcer-homepage-match-teams\">\n                    FC Echallens R\u00e9gion III (Jun.C.2\/D) - Racing Club Lausanne (Jun.C.2\/D)                <\/div>\n\n                <div class=\"fcer-homepage-match-date\">\n                    17.09.2026                <\/div>\n\n                <div class=\"fcer-homepage-match-time\">\n                    18h30                <\/div>\n\n                <div class=\"fcer-homepage-match-location\">\n                    \ud83d\udccd Terrain de St-Barth\u00e9l\u00e9my, St-Barth\u00e9l\u00e9my - Terrain Les Cond\u00e9mines                <\/div>\n\n            <\/div>\n\n        \n    <\/div>\n\n    <\/div><\/div><\/div><\/div><\/p>\n","protected":false},"excerpt":{"rendered":"","protected":false},"author":4,"featured_media":0,"parent":0,"menu_order":0,"comment_status":"closed","ping_status":"closed","template":"","meta":{"footnotes":""},"class_list":["post-15","page","type-page","status-publish","hentry"],"yoast_head":"<!-- This site is optimized with the Yoast SEO plugin v28.4 - https:\/\/yoast.com\/product\/yoast-seo-wordpress\/ -->\n<title>FC Echallens R\u00e9gion | Club de football du Gros-de-Vaud | Football suisse<\/title>\n<meta name=\"description\" content=\"FC Echallens R\u00e9gion, club de football du Gros-de-Vaud. Plus de 600 joueurs, des \u00e9quipes juniors, f\u00e9minines, actives et seniors, ainsi qu&#039;une formation de qualit\u00e9.\" \/>\n<meta name=\"robots\" content=\"index, follow, max-snippet:-1, max-image-preview:large, max-video-preview:-1\" \/>\n<link rel=\"canonical\" href=\"https:\/\/www.fcer.ch\/\" \/>\n<meta property=\"og:locale\" content=\"fr_FR\" \/>\n<meta property=\"og:type\" content=\"article\" \/>\n<meta property=\"og:title\" content=\"FC Echallens R\u00e9gion | Club de football du Gros-de-Vaud | Football suisse\" \/>\n<meta property=\"og:description\" content=\"FC Echallens R\u00e9gion, club de football du Gros-de-Vaud. Plus de 600 joueurs, des \u00e9quipes juniors, f\u00e9minines, actives et seniors, ainsi qu&#039;une formation de qualit\u00e9.\" \/>\n<meta property=\"og:url\" content=\"https:\/\/www.fcer.ch\/\" \/>\n<meta property=\"og:site_name\" content=\"FC Echallens R\u00e9gion\" \/>\n<meta property=\"article:publisher\" content=\"https:\/\/www.facebook.com\/fcechallensregion\" \/>\n<meta property=\"article:modified_time\" content=\"2026-08-21T11:19:41+00:00\" \/>\n<meta name=\"twitter:card\" content=\"summary_large_image\" \/>\n<meta name=\"twitter:label1\" content=\"Dur\u00e9e de lecture estim\u00e9e\" \/>\n\t<meta name=\"twitter:data1\" content=\"4 minutes\" \/>\n<script type=\"application\/ld+json\" class=\"yoast-schema-graph\">{\"@context\":\"https:\\\/\\\/schema.org\",\"@graph\":[{\"@type\":\"WebPage\",\"@id\":\"https:\\\/\\\/www.fcer.ch\\\/\",\"url\":\"https:\\\/\\\/www.fcer.ch\\\/\",\"name\":\"FC Echallens R\u00e9gion | Club de football du Gros-de-Vaud | Football suisse\",\"isPartOf\":{\"@id\":\"https:\\\/\\\/www.fcer.ch\\\/#website\"},\"datePublished\":\"2025-08-16T22:00:22+00:00\",\"dateModified\":\"2026-08-21T11:19:41+00:00\",\"description\":\"FC Echallens R\u00e9gion, club de football du Gros-de-Vaud. Plus de 600 joueurs, des \u00e9quipes juniors, f\u00e9minines, actives et seniors, ainsi qu'une formation de qualit\u00e9.\",\"breadcrumb\":{\"@id\":\"https:\\\/\\\/www.fcer.ch\\\/#breadcrumb\"},\"inLanguage\":\"fr-FR\",\"potentialAction\":[{\"@type\":\"ReadAction\",\"target\":[\"https:\\\/\\\/www.fcer.ch\\\/\"]}]},{\"@type\":\"BreadcrumbList\",\"@id\":\"https:\\\/\\\/www.fcer.ch\\\/#breadcrumb\",\"itemListElement\":[{\"@type\":\"ListItem\",\"position\":1,\"name\":\"Accueil\",\"item\":\"https:\\\/\\\/www.fcer.ch\\\/\"},{\"@type\":\"ListItem\",\"position\":2,\"name\":\"Accueil\"}]},{\"@type\":\"WebSite\",\"@id\":\"https:\\\/\\\/www.fcer.ch\\\/#website\",\"url\":\"https:\\\/\\\/www.fcer.ch\\\/\",\"name\":\"FC Echallens R\u00e9gion\",\"description\":\"Une r\u00e9gion \u2022 Un club \u2022 Une passion\",\"publisher\":{\"@id\":\"https:\\\/\\\/www.fcer.ch\\\/#organization\"},\"potentialAction\":[{\"@type\":\"SearchAction\",\"target\":{\"@type\":\"EntryPoint\",\"urlTemplate\":\"https:\\\/\\\/www.fcer.ch\\\/?s={search_term_string}\"},\"query-input\":{\"@type\":\"PropertyValueSpecification\",\"valueRequired\":true,\"valueName\":\"search_term_string\"}}],\"inLanguage\":\"fr-FR\"},{\"@type\":\"Organization\",\"@id\":\"https:\\\/\\\/www.fcer.ch\\\/#organization\",\"name\":\"FC Echallens R\u00e9gion\",\"url\":\"https:\\\/\\\/www.fcer.ch\\\/\",\"logo\":{\"@type\":\"ImageObject\",\"inLanguage\":\"fr-FR\",\"@id\":\"https:\\\/\\\/www.fcer.ch\\\/#\\\/schema\\\/logo\\\/image\\\/\",\"url\":\"https:\\\/\\\/www.fcer.ch\\\/wp-content\\\/uploads\\\/2020\\\/10\\\/logo-fc-echallens-region.png\",\"contentUrl\":\"https:\\\/\\\/www.fcer.ch\\\/wp-content\\\/uploads\\\/2020\\\/10\\\/logo-fc-echallens-region.png\",\"width\":512,\"height\":512,\"caption\":\"FC Echallens R\u00e9gion\"},\"image\":{\"@id\":\"https:\\\/\\\/www.fcer.ch\\\/#\\\/schema\\\/logo\\\/image\\\/\"},\"sameAs\":[\"https:\\\/\\\/www.facebook.com\\\/fcechallensregion\",\"https:\\\/\\\/www.instagram.com\\\/fcechallensregion\"]}]}<\/script>\n<!-- \/ Yoast SEO plugin. -->","yoast_head_json":{"title":"FC Echallens R\u00e9gion | Club de football du Gros-de-Vaud | Football suisse","description":"FC Echallens R\u00e9gion, club de football du Gros-de-Vaud. Plus de 600 joueurs, des \u00e9quipes juniors, f\u00e9minines, actives et seniors, ainsi qu'une formation de qualit\u00e9.","robots":{"index":"index","follow":"follow","max-snippet":"max-snippet:-1","max-image-preview":"max-image-preview:large","max-video-preview":"max-video-preview:-1"},"canonical":"https:\/\/www.fcer.ch\/","og_locale":"fr_FR","og_type":"article","og_title":"FC Echallens R\u00e9gion | Club de football du Gros-de-Vaud | Football suisse","og_description":"FC Echallens R\u00e9gion, club de football du Gros-de-Vaud. Plus de 600 joueurs, des \u00e9quipes juniors, f\u00e9minines, actives et seniors, ainsi qu'une formation de qualit\u00e9.","og_url":"https:\/\/www.fcer.ch\/","og_site_name":"FC Echallens R\u00e9gion","article_publisher":"https:\/\/www.facebook.com\/fcechallensregion","article_modified_time":"2026-08-21T11:19:41+00:00","twitter_card":"summary_large_image","twitter_misc":{"Dur\u00e9e de lecture estim\u00e9e":"4 minutes"},"schema":{"@context":"https:\/\/schema.org","@graph":[{"@type":"WebPage","@id":"https:\/\/www.fcer.ch\/","url":"https:\/\/www.fcer.ch\/","name":"FC Echallens R\u00e9gion | Club de football du Gros-de-Vaud | Football suisse","isPartOf":{"@id":"https:\/\/www.fcer.ch\/#website"},"datePublished":"2025-08-16T22:00:22+00:00","dateModified":"2026-08-21T11:19:41+00:00","description":"FC Echallens R\u00e9gion, club de football du Gros-de-Vaud. Plus de 600 joueurs, des \u00e9quipes juniors, f\u00e9minines, actives et seniors, ainsi qu'une formation de qualit\u00e9.","breadcrumb":{"@id":"https:\/\/www.fcer.ch\/#breadcrumb"},"inLanguage":"fr-FR","potentialAction":[{"@type":"ReadAction","target":["https:\/\/www.fcer.ch\/"]}]},{"@type":"BreadcrumbList","@id":"https:\/\/www.fcer.ch\/#breadcrumb","itemListElement":[{"@type":"ListItem","position":1,"name":"Accueil","item":"https:\/\/www.fcer.ch\/"},{"@type":"ListItem","position":2,"name":"Accueil"}]},{"@type":"WebSite","@id":"https:\/\/www.fcer.ch\/#website","url":"https:\/\/www.fcer.ch\/","name":"FC Echallens R\u00e9gion","description":"Une r\u00e9gion \u2022 Un club \u2022 Une passion","publisher":{"@id":"https:\/\/www.fcer.ch\/#organization"},"potentialAction":[{"@type":"SearchAction","target":{"@type":"EntryPoint","urlTemplate":"https:\/\/www.fcer.ch\/?s={search_term_string}"},"query-input":{"@type":"PropertyValueSpecification","valueRequired":true,"valueName":"search_term_string"}}],"inLanguage":"fr-FR"},{"@type":"Organization","@id":"https:\/\/www.fcer.ch\/#organization","name":"FC Echallens R\u00e9gion","url":"https:\/\/www.fcer.ch\/","logo":{"@type":"ImageObject","inLanguage":"fr-FR","@id":"https:\/\/www.fcer.ch\/#\/schema\/logo\/image\/","url":"https:\/\/www.fcer.ch\/wp-content\/uploads\/2020\/10\/logo-fc-echallens-region.png","contentUrl":"https:\/\/www.fcer.ch\/wp-content\/uploads\/2020\/10\/logo-fc-echallens-region.png","width":512,"height":512,"caption":"FC Echallens R\u00e9gion"},"image":{"@id":"https:\/\/www.fcer.ch\/#\/schema\/logo\/image\/"},"sameAs":["https:\/\/www.facebook.com\/fcechallensregion","https:\/\/www.instagram.com\/fcechallensregion"]}]}},"_links":{"self":[{"href":"https:\/\/www.fcer.ch\/index.php\/wp-json\/wp\/v2\/pages\/15","targetHints":{"allow":["GET"]}}],"collection":[{"href":"https:\/\/www.fcer.ch\/index.php\/wp-json\/wp\/v2\/pages"}],"about":[{"href":"https:\/\/www.fcer.ch\/index.php\/wp-json\/wp\/v2\/types\/page"}],"author":[{"embeddable":true,"href":"https:\/\/www.fcer.ch\/index.php\/wp-json\/wp\/v2\/users\/4"}],"replies":[{"embeddable":true,"href":"https:\/\/www.fcer.ch\/index.php\/wp-json\/wp\/v2\/comments?post=15"}],"version-history":[{"count":9,"href":"https:\/\/www.fcer.ch\/index.php\/wp-json\/wp\/v2\/pages\/15\/revisions"}],"predecessor-version":[{"id":11082,"href":"https:\/\/www.fcer.ch\/index.php\/wp-json\/wp\/v2\/pages\/15\/revisions\/11082"}],"wp:attachment":[{"href":"https:\/\/www.fcer.ch\/index.php\/wp-json\/wp\/v2\/media?parent=15"}],"curies":[{"name":"wp","href":"https:\/\/api.w.org\/{rel}","templated":true}]}}